{"id":22,"date":"2020-12-18T11:36:02","date_gmt":"2020-12-18T10:36:02","guid":{"rendered":"http:\/\/dev.imj-prg.fr\/tga\/?page_id=22"},"modified":"2023-01-12T15:51:46","modified_gmt":"2023-01-12T14:51:46","slug":"seminaires","status":"publish","type":"page","link":"https:\/\/www.imj-prg.fr\/tga\/seminaires\/","title":{"rendered":"S\u00e9minaires et Groupes de Travail"},"content":{"rendered":"\n   <script type=\"text\/javascript\" src=\"https:\/\/www.imj-prg.fr\/js\/jquery.tablesorter.min.js\"><\/script>\n\n  \n    <div class=\"well\">\n                 \n     \t                                        \n\t\t<h2><a href ='\/gestion\/evenement\/1'>S\u00e9minaires\n     2025-2026    <\/a><\/h2>\n    <table class=\"table table-striped\">\n\n  <script type=\"text\/javascript\" id=\"js\">$(document).ready(function() {\n\n   $(\"table\").tablesorter({\n     sortList: [[0,0]]\n   });\n   });\n  }); <\/script>\n  <\/table>\n     <table  class=\"tabsem tablesorter table\"> <thead>\n      <tr>\n\t   <th> S\u00e9minaires<\/th>  <th>Responsables<\/th>  <th>Prochain <\/th><th>Prochain(s) intervenant(s)<\/th><th>Date<\/th>\n      <\/tr><\/thead>\n\t                                   \n            \n    \n\t<tr>\n\t<td><a href='\/gestion\/evenement\/affEvenement\/43'>S\u00e9minaire de Topologie<\/a><\/td>\n\t<td>Najib Idrissi et Emmanuel Wagner<\/td>\n                        <td>Obstruction theory to formality and homotopy equivalences<\/td>\n    <td>    Coline Emprin - Universit\u00e9 de Stockholm,\n        <\/td>\n    <td>28\/04\/2026 10:45 <\/td>\n                                                                                      \n\t<\/tr>          \n     \t                                            \n            \n    \n\t<tr>\n\t<td><a href='\/gestion\/evenement\/affEvenement\/45'>S\u00e9minaire de g\u00e9om\u00e9trie alg\u00e9brique<\/a><\/td>\n\t<td><\/td>\n                              <td>Caract\u00e9risation des vari\u00e9t\u00e9s alg\u00e9briques par leurs groupes de transformations birationnelles<\/td>\n    <td>    Christian Urech - ,\n        <\/td>\n    <td>07\/05\/2026 14:00 <\/td>\n                                                                                \n\t<\/tr>          \n     \t       \n    \n\t<tr>\n\t<td><a href='\/gestion\/evenement\/affEvenement\/52'>S\u00e9minaire G\u00e9om\u00e9trie et Th\u00e9orie des Mod\u00e8les<\/a><\/td>\n\t<td>Raf Cluckers, Georges Comte, Antoine Ducros, Tamara Servi<\/td>\n                                          <td>The leading constant in Malle&#039;s conjecture over number fields<\/td>\n    <td>    Tim Santens - ,\n        <\/td>\n    <td>29\/05\/2026 11:00 <\/td>\n                                                                    \n\t<\/tr>          \n     \t       \n    \n\t<tr>\n\t<td><a href='\/gestion\/evenement\/affEvenement\/80'>S\u00e9minaire G\u00e9om\u00e9trie \u00e9num\u00e9rative<\/a><\/td>\n\t<td>Penka Georgieva, Elba Garcia-Failde, Ilia Itenberg, Alessandro Chiodo<\/td>\n                                                                                                          <td><\/td>\n    <td><\/td>\n    <td><\/td>\n  \n\t<\/tr>          \n     \t       \n    \n\t<tr>\n\t<td><a href='\/gestion\/evenement\/affEvenement\/82'>S\u00e9minaire Th\u00e9orie des Nombres<\/a><\/td>\n\t<td>K\u0119stutis \u010cesnavi\u010dius, Marc Hindry, Wieslawa Nizio\u0142, Cathy Swaenepoel<\/td>\n                                                                                                <td><\/td>\n    <td>    Ning Guo - Harbin Institute of Technology,\n        <\/td>\n    <td>04\/05\/2026 14:00 <\/td>\n              \n\t<\/tr>          \n     \t       \n    \n\t<tr>\n\t<td><a href='\/gestion\/evenement\/affEvenement\/91'>S\u00e9minaire Arithmetic Geometry Preprint Seminar<\/a><\/td>\n\t<td>Yves Andr\u00e9, Javier Fres\u00e1n, Wies\u0142awa Nizio\u0142<\/td>\n                                                                                                      <td>&quot;Holonomic D-cap-modules on rigid analytic spaces&quot; after Bode<\/td>\n    <td>    Raoul Hallopeau - IMJ_PRG,\n        <\/td>\n    <td>06\/05\/2026 16:00 <\/td>\n        \n\t<\/tr>          \n     \t       \n    \n\t<tr>\n\t<td><a href='\/gestion\/evenement\/affEvenement\/108'>S\u00e9minaire CAGe: Combinatorics, Arithmetic and Geometry<\/a><\/td>\n\t<td>Karim Adiprasito, Harald Helfgott, Vasso Petrotou and Arina Voorhaar<\/td>\n                                                                                                          <td><\/td>\n    <td><\/td>\n    <td><\/td>\n  \n\t<\/tr>     <\/table>\n<\/div>\n\n   \n    <div class=\"well\">\n                 \n              \n              \n              \n              \n              \n              \n         <\/table>\n<\/div>\n\n   \n    <div class=\"well\">\n                 \n              \n              \n              \n              \n              \n              \n         <\/table>\n<\/div>\n\n   \n    <div class=\"well\">\n                 \n              \n              \n              \n              \n              \n              \n         <\/table>\n<\/div>\n\n   \n    <div class=\"well\">\n                 \n              \n              \n              \n              \n              \n              \n         <\/table>\n<\/div>\n\n  \n","protected":false},"excerpt":{"rendered":"","protected":false},"author":1,"featured_media":0,"parent":0,"menu_order":0,"comment_status":"closed","ping_status":"closed","template":"","meta":{"footnotes":""},"class_list":["post-22","page","type-page","status-publish","hentry"],"_links":{"self":[{"href":"https:\/\/www.imj-prg.fr\/tga\/wp-json\/wp\/v2\/pages\/22","targetHints":{"allow":["GET"]}}],"collection":[{"href":"https:\/\/www.imj-prg.fr\/tga\/wp-json\/wp\/v2\/pages"}],"about":[{"href":"https:\/\/www.imj-prg.fr\/tga\/wp-json\/wp\/v2\/types\/page"}],"author":[{"embeddable":true,"href":"https:\/\/www.imj-prg.fr\/tga\/wp-json\/wp\/v2\/users\/1"}],"replies":[{"embeddable":true,"href":"https:\/\/www.imj-prg.fr\/tga\/wp-json\/wp\/v2\/comments?post=22"}],"version-history":[{"count":9,"href":"https:\/\/www.imj-prg.fr\/tga\/wp-json\/wp\/v2\/pages\/22\/revisions"}],"predecessor-version":[{"id":96,"href":"https:\/\/www.imj-prg.fr\/tga\/wp-json\/wp\/v2\/pages\/22\/revisions\/96"}],"wp:attachment":[{"href":"https:\/\/www.imj-prg.fr\/tga\/wp-json\/wp\/v2\/media?parent=22"}],"curies":[{"name":"wp","href":"https:\/\/api.w.org\/{rel}","templated":true}]}}