{"id":27,"date":"2020-12-18T11:38:00","date_gmt":"2020-12-18T10:38:00","guid":{"rendered":"http:\/\/dev.imj-prg.fr\/tga\/?page_id=27"},"modified":"2023-11-14T13:33:21","modified_gmt":"2023-11-14T12:33:21","slug":"theses","status":"publish","type":"page","link":"https:\/\/www.imj-prg.fr\/tga\/theses\/","title":{"rendered":"Th\u00e8ses de l&rsquo;\u00e9quipe TGA"},"content":{"rendered":"<link rel=\"stylesheet\" type=\"text\/css\" href=\"https:\/\/cdn.datatables.net\/v\/dt\/dt-1.10.23\/datatables.min.css\"\/>\n \n<script type=\"text\/javascript\" src=\"https:\/\/cdn.datatables.net\/v\/dt\/dt-1.10.23\/datatables.min.js\"><\/script>\n\n<script>\njQuery(document).ready(function($){\n\t\n    $('#tabthese').DataTable({\n\t\tlanguage: {\turl: 'https:\/\/cdn.datatables.net\/plug-ins\/1.10.22\/i18n\/French.json'},\n\t\tpageLength: 50,\n\t\torder: [[ 2, 'desc' ]],\n\t\tdrawCallback: function(settings) {\n\t\t\tvar pagination = $(this).closest('.dataTables_wrapper').find('.dataTables_paginate');\n\t\t\tpagination.toggle(this.api().page.info().pages > 1);\n\t\t\trowCount = $('#tabthese tr').length;\n\t\t\tif(rowCount < 50){\n\t\t\t\n\t\t\t\t$( \"#tabthese_length\" ).hide();\n\t\t\t\t\n\t\t\t\t$( \"#tabthese_info\" ).text(rowCount+ ' \u00e9l\u00e9ments');\n\t\t\t}\n\t\t}\n\t\t\t\t\t\n        });\n\t} );\n<\/script>\n\t\t<table id=\"tabthese\" class=\"display\" ><thead><tr><th>Nom<\/th> <th>Titre<\/th><th>Ann\u00e9e<\/th><th>Directeur de th\u00e8se<\/th><th> <\/th><\/tr><\/thead><tr><td>Cazaux Maxime<\/td><td>K-th\u00e9orie quantique de la singularit\u00e9 quintique<\/td><td>2025<\/td><td>alessandro.chiodo@imj-prg.fr<\/td><td><br><a href=\"https:\/\/www.theses.fr\/2025SORUS103\">Lien theses.fr<\/a><\/td><\/tr><tr><td>Piccione Pietro<\/td><td>AUTOUR DE LA CONJECTURE DE YAU-TIAN-DONALDSON POUR UNE CLASSE TRANSCENDANTE<\/td><td>2025<\/td><td>S\u00e9bastien Boucksom<\/td><td><br><a href=\"https:\/\/www.theses.fr\/s384413\">Lien theses.fr<\/a><\/td><\/tr><tr><td>Bai Chenyu<\/td><td>Th\u00e9orie de Hodge et vari\u00e9t\u00e9s hyper-k\u00e4hl\u00e9riennes<\/td><td>2024<\/td><td>Claire Voisin<\/td><td><br><a href=\"https:\/\/www.theses.fr\/2024SORUS081\">Lien theses.fr<\/a><\/td><\/tr><tr><td>Marino Laura<\/td><td>On structure and topology in link homologies<\/td><td>2024<\/td><td>Emmanuel Wagner<\/td><td><br><a href=\"https:\/\/www.theses.fr\/s304596\">Lien theses.fr<\/a><\/td><\/tr><tr><td>Dao Quang-duc<\/td><td>Local-global principle for integral points on certain algebraic surfaces<\/td><td>2023<\/td><td>Cyril Demarche<\/td><td><br><a href=\"https:\/\/www.theses.fr\/2023SORUS225\">Lien theses.fr<\/a><\/td><\/tr><tr><td>Zhang Haowen<\/td><td>Arithmetic of homogeneous spaces of algebraic groups over certain function fields<\/td><td>2023<\/td><td>Cyril Demarche<\/td><td><br><a href=\"https:\/\/www.theses.fr\/2023SORUS186\">Lien theses.fr<\/a><\/td><\/tr><tr><td>Daylies Mathieu<\/td><td>Variations autour de la platitude en g\u00e9om\u00e9trie de Berkovich<\/td><td>2022<\/td><td>Antoine Ducros<\/td><td><br><a href=\"https:\/\/www.theses.fr\/2022SORUS373\">Lien theses.fr<\/a><\/td><\/tr><tr><td>Song Jieao<\/td><td>G\u00e9om\u00e9tries des vari\u00e9t\u00e9s hyperk\u00e4hl\u00e9riennes<\/td><td>2022<\/td><td>Olivier Debarre<\/td><td><br><a href=\"http:\/\/www.imj-prg.fr\/theses\/\/pdf\/jieao_song.pdf\"><img decoding=\"async\" src=\"http:\/\/www.imj-prg.fr\/wp-content\/themes\/imjprg\/images\/pdf.png\"> <\/a><\/td><\/tr><tr><td>Darda Ratko<\/td><td>Rational points of bounded height on weighted projective stacks<\/td><td>2021<\/td><td>Antoine Chambert-Loir<\/td><td><br><a href=\"http:\/\/www.imj-prg.fr\/theses\/\/pdf\/ratko_darda.pdf\"><img decoding=\"async\" src=\"http:\/\/www.imj-prg.fr\/wp-content\/themes\/imjprg\/images\/pdf.png\"> <\/a><\/td><\/tr><tr><td>Perera Milan<\/td><td>La d\u00e9composition de Zariski : une approche valuative<\/td><td>2021<\/td><td>G\u00e9rard FREIXAS - S\u00e9bastien BOUCKSOM<\/td><td><br><a href=\"http:\/\/www.imj-prg.fr\/theses\/\/pdf\/milan_perera.pdf\"><img decoding=\"async\" src=\"http:\/\/www.imj-prg.fr\/wp-content\/themes\/imjprg\/images\/pdf.png\"> <\/a><\/td><\/tr><tr><td>Blot Xavier<\/td><td>La s\u00e9rie de Witten-Kontsevich quantique<\/td><td>2020<\/td><td>Dimitri Zvonkine<\/td><td><br><a href=\"http:\/\/www.imj-prg.fr\/theses\/\/pdf\/xavier_blot.pdf\"><img decoding=\"async\" src=\"http:\/\/www.imj-prg.fr\/wp-content\/themes\/imjprg\/images\/pdf.png\"> <\/a><\/td><\/tr><tr><td>Dutour Mathieu<\/td><td>A Deligne-Riemann-Roch isometry for flat unitary vector bundles on modular curves<\/td><td>2020<\/td><td>Gerard Freixas i Montplet<\/td><td><br><a href=\"http:\/\/www.imj-prg.fr\/theses\/\/pdf\/mathieu_dutour.pdf\"><img decoding=\"async\" src=\"http:\/\/www.imj-prg.fr\/wp-content\/themes\/imjprg\/images\/pdf.png\"> <\/a><\/td><\/tr><tr><td>Gaulhiac Sylvain<\/td><td>Probl\u00e8mes de g\u00e9om\u00e9trie anab\u00e9lienne dans les espaces de Berkovich.<\/td><td>2020<\/td><td>Antoine Ducros<\/td><td><br><a href=\"http:\/\/www.imj-prg.fr\/theses\/\/pdf\/sylvain_gaulhiac.pdf\"><img decoding=\"async\" src=\"http:\/\/www.imj-prg.fr\/wp-content\/themes\/imjprg\/images\/pdf.png\"> <\/a><\/td><\/tr><tr><td>Lopez Daniel<\/td><td>Kuperberg invariants for sutured 3-manifolds<\/td><td>2020<\/td><td>Christian Blanchet<\/td><td><br><a href=\"http:\/\/www.imj-prg.fr\/theses\/\/pdf\/daniel_lopez.pdf\"><img decoding=\"async\" src=\"http:\/\/www.imj-prg.fr\/wp-content\/themes\/imjprg\/images\/pdf.png\"> <\/a><\/td><\/tr><tr><td>Ikonicoff Sacha<\/td><td>Alg\u00e8bres \u00e0 niveau et applications en topologie alg\u00e9brique<\/td><td>2019<\/td><td>Muriel Livernet<\/td><td><br><a href=\"http:\/\/www.imj-prg.fr\/theses\/\/pdf\/sacha_ikonicoff.pdf\"><img decoding=\"async\" src=\"http:\/\/www.imj-prg.fr\/wp-content\/themes\/imjprg\/images\/pdf.png\"> <\/a><\/td><\/tr><tr><td>Palmer-anghel Cristina<\/td><td>On quantum invariants: homological model for the coloured Jones polynomials and applications of quantum sl(2|1)<\/td><td>2018<\/td><td>Christian Blanchet<\/td><td><br><a href=\"http:\/\/www.imj-prg.fr\/theses\/\/pdf\/cristina_palmer-anghel.pdf\"><img decoding=\"async\" src=\"http:\/\/www.imj-prg.fr\/wp-content\/themes\/imjprg\/images\/pdf.png\"> <\/a><\/td><\/tr><tr><td>Bahtiti Mohamed<\/td><td>Fibr\u00e9s vectoriels alg\u00e9briques de petit rang sur la vari\u00e9t\u00e9 projective Pn<\/td><td>2017<\/td><td>J.-M. Dr\u00e9zet<\/td><td><br><a href=\"http:\/\/www.imj-prg.fr\/theses\/\/pdf\/mohamed_bahtiti.pdf\"><img decoding=\"async\" src=\"http:\/\/www.imj-prg.fr\/wp-content\/themes\/imjprg\/images\/pdf.png\"> <\/a><\/td><\/tr><tr><td>Bazhov Ivan<\/td><td>Anneaux de Chow  Calabi-Yau, Vari\u00e9t\u00e9s de  Chow, Anneaux de  Cycles alg\u00e9briques  Vari\u00e9t\u00e9s de type Calabi-Yau  Vari\u00e9t\u00e9s hyper-K\u00e4hl\u00e9riennes  Vari\u00e9t\u00e9s k\u00e4hl\u00e9riennes  Z\u00e9ro-Cycle<\/td><td>2017<\/td><td>Claire Voisin<\/td><td><\/td><\/tr><tr><td>Chapuis Marc<\/td><td>Formes mod\u00e9r\u00e9ment ramifi\u00e9es de polydisques ferm\u00e9s et de dentelles<\/td><td>2017<\/td><td>Antoine Ducros<\/td><td><br><a href=\"http:\/\/www.imj-prg.fr\/theses\/\/pdf\/marc_chapuis.pdf\"><img decoding=\"async\" src=\"http:\/\/www.imj-prg.fr\/wp-content\/themes\/imjprg\/images\/pdf.png\"> <\/a><\/td><\/tr><tr><td>De renzi Marco<\/td><td>Construction of Extended Topological Quantum Field Theories<\/td><td>2017<\/td><td>Christian Blanchet<\/td><td><\/td><\/tr><tr><td>Sauvaget Adrien<\/td><td>Th\u00e9orie de l?intersection sur les espaces de diff\u00e9rentielles holomorphes et m\u00e9romorphes<\/td><td>2017<\/td><td>Dimitri ZVONKINE<\/td><td><br><a href=\"http:\/\/www.imj-prg.fr\/theses\/\/pdf\/adrien_sauvaget.pdf\"><img decoding=\"async\" src=\"http:\/\/www.imj-prg.fr\/wp-content\/themes\/imjprg\/images\/pdf.png\"> <\/a><\/td><\/tr><tr><td>Camara Malick<\/td><td>\"Anneaux tautologiques d'espaces de modules de courbes\".<\/td><td>2016<\/td><td>Alessandro Chiodo<\/td><td><br><a href=\"http:\/\/www.imj-prg.fr\/theses\/\/pdf\/malick_camara.pdf\"><img decoding=\"async\" src=\"http:\/\/www.imj-prg.fr\/wp-content\/themes\/imjprg\/images\/pdf.png\"> <\/a><\/td><\/tr><tr><td>Heuberger Liana<\/td><td>\"Deux points de vue sur les vari\u00e9t\u00e9s de Fano : g\u00e9om\u00e9trie du diviseur anticanonique et classification des surfaces \u00e0 singularit\u00e9s 1\/3(1,1)\"<\/td><td>2016<\/td><td>ANDREAS HORING<\/td><td><br><a href=\"http:\/\/www.imj-prg.fr\/theses\/\/pdf\/liana_heuberger.pdf\"><img decoding=\"async\" src=\"http:\/\/www.imj-prg.fr\/wp-content\/themes\/imjprg\/images\/pdf.png\"> <\/a><\/td><\/tr><tr><td>Melani Valerio<\/td><td>\"Poisson and coisotropic structures in derived algebraic geometry\"<\/td><td>2016<\/td><td>GABRIELE VEZZOSI<\/td><td><br><a href=\"http:\/\/www.imj-prg.fr\/theses\/\/pdf\/valerio_melani.pdf\"><img decoding=\"async\" src=\"http:\/\/www.imj-prg.fr\/wp-content\/themes\/imjprg\/images\/pdf.png\"> <\/a><\/td><\/tr><tr><td>Ben aribi Fathi<\/td><td>Propri\u00e9t\u00e9s et techniques de calcul de l'invariant d'Alexander L\u00b2 en th\u00e9orie des n\u009cuds<\/td><td>2015<\/td><td>JEROME DUBOIS<\/td><td><br><a href=\"http:\/\/www.imj-prg.fr\/theses\/\/pdf\/fathi_ben-aribi.pdf\"><img decoding=\"async\" src=\"http:\/\/www.imj-prg.fr\/wp-content\/themes\/imjprg\/images\/pdf.png\"> <\/a><\/td><\/tr><tr><td>Guere Jeremy<\/td><td>\"Th\u00e9orie quantique des singularit\u00e9s, sym\u00e9trie miroir et hi\u00e9rarchies int\u00e9grables\"<\/td><td>2015<\/td><td>ALESSANDRO CHIODO<\/td><td><br><a href=\"http:\/\/www.imj-prg.fr\/theses\/\/pdf\/jeremy_guere.pdf\"><img decoding=\"async\" src=\"http:\/\/www.imj-prg.fr\/wp-content\/themes\/imjprg\/images\/pdf.png\"> <\/a><\/td><\/tr><tr><td>Rodriguez Aurelien<\/td><td>\u00ab Construction d'une version Arakelov d'un groupe faible de cobordisme arithm\u00e9tique\u00bb<\/td><td>2015<\/td><td>VINCENT MAILLOT<\/td><td><br><a href=\"http:\/\/www.imj-prg.fr\/theses\/\/pdf\/aurelien_rodriguez.pdf\"><img decoding=\"async\" src=\"http:\/\/www.imj-prg.fr\/wp-content\/themes\/imjprg\/images\/pdf.png\"> <\/a><\/td><\/tr><tr><td>Santharoubane Ramanujan<\/td><td>\"Limites homologiques de repr\u00e9sentations quantiques et applications \u00e0 la conjecture AMU\"<\/td><td>2015<\/td><td>GREGOR MASBAUM<\/td><td><br><a href=\"http:\/\/www.imj-prg.fr\/theses\/\/pdf\/ramanujan_santharoubane.pdf\"><img decoding=\"async\" src=\"http:\/\/www.imj-prg.fr\/wp-content\/themes\/imjprg\/images\/pdf.png\"> <\/a><\/td><\/tr><tr><td>Kebbab Idir<\/td><td>Aspects G\u00e9om\u00e9triques des Principes Locaux-Globaux dans la Th\u00e9orie Abstraite des Formes Quadratiques<\/td><td>2014<\/td><td>MAX DICKMANN<\/td><td><br><a href=\"http:\/\/www.imj-prg.fr\/theses\/\/pdf\/idir_kebbab.pdf\"><img decoding=\"async\" src=\"http:\/\/www.imj-prg.fr\/wp-content\/themes\/imjprg\/images\/pdf.png\"> <\/a><\/td><\/tr><tr><td>Dreyfus Thomas<\/td><td>\"Ph\u00e9nom\u00e8nes de Stokes et approche galoisienne des probl\u00e8mes deconfluence\"<\/td><td>2013<\/td><td>LUCIA DI VIZIO<\/td><td><br><a href=\"http:\/\/www.imj-prg.fr\/theses\/\/pdf\/thomas_dreyfus.pdf\"><img decoding=\"async\" src=\"http:\/\/www.imj-prg.fr\/wp-content\/themes\/imjprg\/images\/pdf.png\"> <\/a><\/td><\/tr><tr><td>Fu Lie<\/td><td>\"Sous-structures de Hodge, anneaux de Chow et action de certainsautomorphismes\"<\/td><td>2013<\/td><td>CLAIRE VOISIN<\/td><td><br><a href=\"http:\/\/www.imj-prg.fr\/theses\/\/pdf\/lie_fu.pdf\"><img decoding=\"async\" src=\"http:\/\/www.imj-prg.fr\/wp-content\/themes\/imjprg\/images\/pdf.png\"> <\/a><\/td><\/tr><tr><td>Guenancia Henri<\/td><td>\"M\u00e9triques de K\u00e4hler-Einstein singuli\u00e8res\"<\/td><td>2013<\/td><td>SEBASTIEN BOUCKSOM<\/td><td><br><a href=\"http:\/\/www.imj-prg.fr\/theses\/\/pdf\/henri_guenancia.pdf\"><img decoding=\"async\" src=\"http:\/\/www.imj-prg.fr\/wp-content\/themes\/imjprg\/images\/pdf.png\"> <\/a><\/td><\/tr><tr><td>Lewark Lukas<\/td><td>\"Homologies de Khovanov-Rozansky, toiles nou\u00e9es pond\u00e9r\u00e9es et genre lisse\"<\/td><td>2013<\/td><td>CHRISTIAN BLANCHET<\/td><td><br><a href=\"http:\/\/www.imj-prg.fr\/theses\/\/pdf\/lukas_lewark.pdf\"><img decoding=\"async\" src=\"http:\/\/www.imj-prg.fr\/wp-content\/themes\/imjprg\/images\/pdf.png\"> <\/a><\/td><\/tr><tr><td>Martin Florent<\/td><td>\"Constructibilit\u00e9 dans les espaces de Berkovich\"<\/td><td>2013<\/td><td>Antoine Ducros Jean-Fran\u00e7ois Dat<\/td><td><br><a href=\"http:\/\/www.imj-prg.fr\/theses\/\/pdf\/florent_martin.pdf\"><img decoding=\"async\" src=\"http:\/\/www.imj-prg.fr\/wp-content\/themes\/imjprg\/images\/pdf.png\"> <\/a><\/td><\/tr><tr><td>Queffelec Hoel<\/td><td>\"Sur la cat\u00e9gorification des invariants quantiques sln : \u00e9tude alg\u00e9brique et diagrammatique\"<\/td><td>2013<\/td><td>CHRISTIAN BLANCHET<\/td><td><br><a href=\"http:\/\/www.imj-prg.fr\/theses\/\/pdf\/hoel_queffelec.pdf\"><img decoding=\"async\" src=\"http:\/\/www.imj-prg.fr\/wp-content\/themes\/imjprg\/images\/pdf.png\"> <\/a><\/td><\/tr><tr><td>Robert Louis-hadrien<\/td><td>\"Sur l\u0092homologie sl3 des enchev\u00eatrements ; alg\u00e8bres de Khovanov \u0096 Kuperberg\"<\/td><td>2013<\/td><td>CHRISTIAN BLANCHET<\/td><td><br><a href=\"http:\/\/www.imj-prg.fr\/theses\/\/pdf\/louis-hadrien_robert.pdf\"><img decoding=\"async\" src=\"http:\/\/www.imj-prg.fr\/wp-content\/themes\/imjprg\/images\/pdf.png\"> <\/a><\/td><\/tr><tr><td>Duma Bertrand<\/td><td>\"Vers la forme g\u00e9n\u00e9rale du th\u00e9or\u00e8me de Grothendieck-Riemann-Roch\"<\/td><td>2012<\/td><td>DAMIEN ROESSLER<\/td><td><br><a href=\"http:\/\/www.imj-prg.fr\/theses\/\/pdf\/bertrand_duma.pdf\"><img decoding=\"async\" src=\"http:\/\/www.imj-prg.fr\/wp-content\/themes\/imjprg\/images\/pdf.png\"> <\/a><\/td><\/tr><tr><td>Hajli Mounir<\/td><td>\"Th\u00e9orie spectrale pour certaines m\u00e9triques singuli\u00e8res et g\u00e9om\u00e9trie d'Arakelov\"<\/td><td>2012<\/td><td>VINCENT MAILLOT<\/td><td><br><a href=\"http:\/\/www.imj-prg.fr\/theses\/\/pdf\/mounir_hajli.pdf\"><img decoding=\"async\" src=\"http:\/\/www.imj-prg.fr\/wp-content\/themes\/imjprg\/images\/pdf.png\"> <\/a><\/td><\/tr><tr><td>Zhykhovich Maksim<\/td><td>\"D\u00e9compositions motiviques des vari\u00e9t\u00e9s de Severi-Brauer g\u00e9n\u00e9ralis\u00e9es  et isotropie des involutions unitaires\"<\/td><td>2012<\/td><td>NIKITA KARPENKO<\/td><td><\/td><\/tr><tr><td>De clercq Charles<\/td><td>Vers une classification des d\u00e9compositions motiviques d'espaces homog\u00e8nes<\/td><td>2011<\/td><td>NIKITA KARPENKO<\/td><td><br><a href=\"http:\/\/www.imj-prg.fr\/theses\/\/pdf\/charles_de-clercq.pdf\"><img decoding=\"async\" src=\"http:\/\/www.imj-prg.fr\/wp-content\/themes\/imjprg\/images\/pdf.png\"> <\/a><\/td><\/tr><tr><td>Fino Raphael<\/td><td>Around rationality of algebraic cycles<\/td><td>2011<\/td><td>NIKITA KARPENKO<\/td><td><br><a href=\"http:\/\/www.imj-prg.fr\/theses\/\/pdf\/raphael_fino.pdf\"><img decoding=\"async\" src=\"http:\/\/www.imj-prg.fr\/wp-content\/themes\/imjprg\/images\/pdf.png\"> <\/a><\/td><\/tr><tr><td>Charles Francois<\/td><td>Cycles alg\u00e9briques et cohomologie de certaines vari\u00e9t\u00e9s projectives complexes<\/td><td>2010<\/td><td>CLAIRE VOISIN<\/td><td><br><a href=\"http:\/\/www.imj-prg.fr\/theses\/\/pdf\/francois_charles.pdf\"><img decoding=\"async\" src=\"http:\/\/www.imj-prg.fr\/wp-content\/themes\/imjprg\/images\/pdf.png\"> <\/a><\/td><\/tr><tr><td>Haution Olivier<\/td><td>OPERATIONS DE STEENROD ET FORMES QUADRATIQUES<\/td><td>2009<\/td><td>NIKITA KARPENKO<\/td><td><\/td><\/tr><tr><td>Dedieu Thomas<\/td><td>AUTO TRANSFORMATIONS ET GEOMETRIE DES VARIETES DE CALABI-YAU<\/td><td>2008<\/td><td>CLAIRE VOISIN<\/td><td><br><a href=\"http:\/\/www.imj-prg.fr\/theses\/\/pdf\/thomas_dedieu.pdf\"><img decoding=\"async\" src=\"http:\/\/www.imj-prg.fr\/wp-content\/themes\/imjprg\/images\/pdf.png\"> <\/a><\/td><\/tr><tr><td>Usnich Alexandr<\/td><td><\/td><td>2008<\/td><td>KONTSEVICH<\/td><td><br><a href=\"http:\/\/www.imj-prg.fr\/theses\/\/pdf\/alexandr_usnich.pdf\"><img decoding=\"async\" src=\"http:\/\/www.imj-prg.fr\/wp-content\/themes\/imjprg\/images\/pdf.png\"> <\/a><\/td><\/tr><tr><td>Nariman-nejad Majid<\/td><td>ASYMPTOTIQUES DES MULTICOURBES ET DES CORPS EN ANSES EN TQFT<\/td><td>2007<\/td><td>PIERRE VOGEL<\/td><td><\/td><\/tr><tr><td>Zhou Guodong<\/td><td>Alg\u00e8bres courtoises et blocs \u00e0 d\u00e9faut di\u00e9dral<\/td><td>2007<\/td><td>BRUNO KAHN<\/td><td><\/td><\/tr><tr><td>Ayoub Joseph<\/td><td>LES SIX OPERATIONS DE GROTHENDIECK ET LE FORMALISME DES CYCLES EVANESCENTS DANS LE MONDE MOTIVIQUE<\/td><td>2006<\/td><td>FABIEN MOREL<\/td><td><br><a href=\"http:\/\/www.imj-prg.fr\/theses\/\/pdf\/joseph_ayoub.pdf\"><img decoding=\"async\" src=\"http:\/\/www.imj-prg.fr\/wp-content\/themes\/imjprg\/images\/pdf.png\"> <\/a><\/td><\/tr><tr><td>Mistretta Ernesto<\/td><td>QUELQUES CONSTRUCTIONS AUTOUR DE LA STABILITE DE FIBRES VECTORIELS SUR LES VARIETES PROJECTIVES<\/td><td>2006<\/td><td>DANIEL HUYBRECHTS<\/td><td><br><a href=\"http:\/\/www.imj-prg.fr\/theses\/\/pdf\/ernesto_mistretta.pdf\"><img decoding=\"async\" src=\"http:\/\/www.imj-prg.fr\/wp-content\/themes\/imjprg\/images\/pdf.png\"> <\/a><\/td><\/tr><tr><td>Riou Joel<\/td><td>OPERATIONS SUR LA K-THEORIE ALGEBRIQUE ET REGULATEURS VIA LA THEORIE HOMOTOPIQUE DES SCHEMAS<\/td><td>2006<\/td><td>BRUNO KAHN<\/td><td><br><a href=\"http:\/\/www.imj-prg.fr\/theses\/\/pdf\/joel_riou.pdf\"><img decoding=\"async\" src=\"http:\/\/www.imj-prg.fr\/wp-content\/themes\/imjprg\/images\/pdf.png\"> <\/a><\/td><\/tr><tr><td>Ivorra Florian<\/td><td>R\u00e9alisation l-adique des motifs mixtes<\/td><td>2005<\/td><td>BRUNO KAHN<\/td><td><br><a href=\"http:\/\/www.imj-prg.fr\/theses\/\/pdf\/florian_ivorra.pdf\"><img decoding=\"async\" src=\"http:\/\/www.imj-prg.fr\/wp-content\/themes\/imjprg\/images\/pdf.png\"> <\/a><\/td><\/tr><tr><td>Scala Luca<\/td><td>Cohomologie du sch\u00e9ma de Hilbert ponctuel d'une surface \u00e0 valeurs dans des repr\u00e9sentations d'un fibr\u00e9 tautologique. Pertubations de la m\u00e9trique dans les \u00e9quations de Seiberg-Witten.<\/td><td>2005<\/td><td>JOSEPH LE POTIER<\/td><td><br><a href=\"http:\/\/www.imj-prg.fr\/theses\/\/pdf\/luca_scala.pdf\"><img decoding=\"async\" src=\"http:\/\/www.imj-prg.fr\/wp-content\/themes\/imjprg\/images\/pdf.png\"> <\/a><\/td><\/tr><tr><td>Bihler Frank<\/td><td>REGULARITE DES ANNEAUX DANS LES PROBLEMES D'EXCISION EN K-THEORIE ALGEBRIQUE<\/td><td>2004<\/td><td>PIERRE VOGEL<\/td><td><br><a href=\"http:\/\/www.imj-prg.fr\/theses\/\/pdf\/frank_bihler.pdf\"><img decoding=\"async\" src=\"http:\/\/www.imj-prg.fr\/wp-content\/themes\/imjprg\/images\/pdf.png\"> <\/a><\/td><\/tr><tr><td>Gorinov Alexei<\/td><td>R\u00e9solutions coniques des vari\u00e9t\u00e9s discriminants et applications \u00e0 la g\u00e9om\u00e9trie alg\u00e9brique complexe et r\u00e9elle<\/td><td>2004<\/td><td>PIERRE VOGEL<\/td><td><\/td><\/tr><tr><td>Sepulcre Yann<\/td><td>Espaces de modules de faisceaux semi-stables sur le plan projectif et courbes de Poncelet<\/td><td>2004<\/td><td>JOSEPH LE POTIER<\/td><td><br><a href=\"http:\/\/www.imj-prg.fr\/theses\/\/pdf\/yann_sepulcre.pdf\"><img decoding=\"async\" src=\"http:\/\/www.imj-prg.fr\/wp-content\/themes\/imjprg\/images\/pdf.png\"> <\/a><\/td><\/tr><tr><td>Gavioli Francesca<\/td><td>Syst\u00e8mes lin\u00e9aires sur le champ alg\u00e9brique des fibr\u00e9s quasi-paraboliques sur une courbe<\/td><td>2003<\/td><td>CHRISTOPHE SORGER<\/td><td><br><a href=\"http:\/\/www.imj-prg.fr\/theses\/\/pdf\/francesca_gavioli.pdf\"><img decoding=\"async\" src=\"http:\/\/www.imj-prg.fr\/wp-content\/themes\/imjprg\/images\/pdf.png\"> <\/a><\/td><\/tr><tr><td>Maclean Catriona<\/td><td>Quelques r\u00e9sultats en th\u00e9orie des d\u00e9formations en g\u00e9om\u00e9trie alg\u00e9brique<\/td><td>2003<\/td><td>CLAIRE VOISIN<\/td><td><br><a href=\"http:\/\/www.imj-prg.fr\/theses\/\/pdf\/catriona_maclean.pdf\"><img decoding=\"async\" src=\"http:\/\/www.imj-prg.fr\/wp-content\/themes\/imjprg\/images\/pdf.png\"> <\/a><\/td><\/tr><tr><td>Calmes Baptiste<\/td><td>SK2 d'une alg\u00e8bre de biquaternions et cohomologie galoisienne<\/td><td>2002<\/td><td>BRUNO KAHN<\/td><td><br><a href=\"http:\/\/www.imj-prg.fr\/theses\/\/pdf\/baptiste_calmes.pdf\"><img decoding=\"async\" src=\"http:\/\/www.imj-prg.fr\/wp-content\/themes\/imjprg\/images\/pdf.png\"> <\/a><\/td><\/tr><tr><td>Cisinski Denis-charles<\/td><td>Les pr\u00e9faisceaux comme mod\u00e8les des types d'homotopie<\/td><td>2002<\/td><td>GEORGES MALTSINIOTIS<\/td><td><br><a href=\"http:\/\/www.imj-prg.fr\/theses\/\/pdf\/denis-charles_cisinski.pdf\"><img decoding=\"async\" src=\"http:\/\/www.imj-prg.fr\/wp-content\/themes\/imjprg\/images\/pdf.png\"> <\/a><\/td><\/tr><tr><td>Deglise Frederic<\/td><td>Modules homotopiques avec transferts et motifs g\u00e9n\u00e9riques<\/td><td>2002<\/td><td>FABIEN MOREL<\/td><td><br><a href=\"http:\/\/www.imj-prg.fr\/theses\/\/pdf\/frederic_deglise.pdf\"><img decoding=\"async\" src=\"http:\/\/www.imj-prg.fr\/wp-content\/themes\/imjprg\/images\/pdf.png\"> <\/a><\/td><\/tr><tr><td>Hamida Nadia<\/td><td>Les r\u00e9gulateurs en K-th\u00e9orie alg\u00e9brique<\/td><td>2002<\/td><td>MAX KAROUBI<\/td><td><br><a href=\"http:\/\/www.imj-prg.fr\/theses\/\/pdf\/nadia_hamida.pdf\"><img decoding=\"async\" src=\"http:\/\/www.imj-prg.fr\/wp-content\/themes\/imjprg\/images\/pdf.png\"> <\/a><\/td><\/tr><tr><td>Hamraoui Hinda<\/td><td>CALCUL DES GROUPES DE K-THEORIE TOPOLOGIQUE CONNEXE DES ESPACESCLASSIFIANTS DE CERTAINS GROUPES FINIS METACYCLIQUES.<\/td><td>2002<\/td><td>BRUNO KAHN<\/td><td><\/td><\/tr><tr><td>Hornbostel Jens<\/td><td>Sur la K-th\u00e9orie des cat\u00e9gories hermitiennes<\/td><td>2001<\/td><td>MAX KAROUBI<\/td><td><br><a href=\"http:\/\/www.imj-prg.fr\/theses\/\/pdf\/jens_hornbostel.pdf\"><img decoding=\"async\" src=\"http:\/\/www.imj-prg.fr\/wp-content\/themes\/imjprg\/images\/pdf.png\"> <\/a><\/td><\/tr><tr><td>Pacienza Gianluca<\/td><td>Courbes rationnelles et diviseurs nef pour certaines vari\u00e9t\u00e9s g\u00e9n\u00e9riques<\/td><td>2001<\/td><td>CLAIRE VOISIN<\/td><td><br><a href=\"http:\/\/www.imj-prg.fr\/theses\/\/pdf\/gianluca_pacienza.pdf\"><img decoding=\"async\" src=\"http:\/\/www.imj-prg.fr\/wp-content\/themes\/imjprg\/images\/pdf.png\"> <\/a><\/td><\/tr><tr><td>Sallenave Pierre<\/td><td>Sur les modules de Kauffman des vari\u00e9t\u00e9s de dimension 3<\/td><td>2001<\/td><td>PIERRE VOGEL<\/td><td><\/td><\/tr><tr><td>Schneider Lorenz<\/td><td>Une application d'Albanese sup\u00e9rieure pour les vari\u00e9t\u00e9s complexes lisses de dimension trois d'apr\u00e8s une construction de Mark Green<\/td><td>2001<\/td><td>CLAIRE VOISIN<\/td><td><br><a href=\"http:\/\/www.imj-prg.fr\/theses\/\/pdf\/lorenz_schneider.pdf\"><img decoding=\"async\" src=\"http:\/\/www.imj-prg.fr\/wp-content\/themes\/imjprg\/images\/pdf.png\"> <\/a><\/td><\/tr><tr><td>Zoonekynd Vincent<\/td><td>La tout de Teichm\u00fcller-Grothendieck<\/td><td>2001<\/td><td>GEORGES MALTSINIOTIS<\/td><td><br><a href=\"http:\/\/www.imj-prg.fr\/theses\/\/pdf\/vincent_zoonekynd.pdf\"><img decoding=\"async\" src=\"http:\/\/www.imj-prg.fr\/wp-content\/themes\/imjprg\/images\/pdf.png\"> <\/a><\/td><\/tr><tr><td>Otwinowska Anna<\/td><td>Sur les conjectures de Bloch et de Hodge pour les hypersurfaces et les intersections compl\u00e8tes de bas degr\u00e9<\/td><td>2000<\/td><td>CLAIRE VOISIN<\/td><td><\/td><\/tr><tr><td>Patureau-mirand Bertrand<\/td><td>Caract\u00e8res et fonctions de poids sur les cat\u00e9gories de diagrammes trivalents<\/td><td>2000<\/td><td>PIERRE VOGEL<\/td><td><br><a href=\"http:\/\/www.imj-prg.fr\/theses\/\/pdf\/bertrand_patureau-mirand.pdf\"><img decoding=\"async\" src=\"http:\/\/www.imj-prg.fr\/wp-content\/themes\/imjprg\/images\/pdf.png\"> <\/a><\/td><\/tr><tr><td>Pitsch Wolfgang<\/td><td><\/td><td>2000<\/td><td>BRUNO KAHN<\/td><td><\/td><\/tr><tr><td>Schlichting Marco<\/td><td>D\u00e9la\u00e7age de la K-th\u00e9orie des cat\u00e9gories exactes et K-groupes n\u00e9gatifs<\/td><td>2000<\/td><td>MAX KAROUBI<\/td><td><br><a href=\"http:\/\/www.imj-prg.fr\/theses\/\/pdf\/marco_schlichting.pdf\"><img decoding=\"async\" src=\"http:\/\/www.imj-prg.fr\/wp-content\/themes\/imjprg\/images\/pdf.png\"> <\/a><\/td><\/tr><tr><td>Danila Gentiana<\/td><td>Formule de Verlinde et dualit\u00e9 \u00e9tranger sur le plan projectif<\/td><td>1999<\/td><td>JOSEPH LE POTIER<\/td><td><br><a href=\"http:\/\/www.imj-prg.fr\/theses\/\/pdf\/gentiana_danila.pdf\"><img decoding=\"async\" src=\"http:\/\/www.imj-prg.fr\/wp-content\/themes\/imjprg\/images\/pdf.png\"> <\/a><\/td><\/tr><tr><td>Larrouy Helene<\/td><td><\/td><td>1998<\/td><td>FRANCOIS LOESER<\/td><td><\/td><\/tr><tr><td>Rochard Xavier<\/td><td><\/td><td>1998<\/td><td>GEORGES MALTSINIOTIS<\/td><td><br><a href=\"http:\/\/www.imj-prg.fr\/theses\/\/pdf\/xavier_rochard.pdf\"><img decoding=\"async\" src=\"http:\/\/www.imj-prg.fr\/wp-content\/themes\/imjprg\/images\/pdf.png\"> <\/a><\/td><\/tr><tr><td>Saihi Ines<\/td><td>Homologie elliptique et bordisme SI-\u00e9quivariante<\/td><td>1998<\/td><td>PIERRE VOGEL<\/td><td><\/td><\/tr><tr><td>Battikh Naoufel<\/td><td>Cup i-produit sur les formes diff\u00e9rentielles non commutatives et excision en K-th\u00e9orie<\/td><td>1997<\/td><td>MAX KAROUBI<\/td><td><\/td><\/tr><tr><td>Chbili Nafaa<\/td><td><\/td><td>1997<\/td><td>PIERRE VOGEL<\/td><td><\/td><\/tr><tr><td>Lapa de suza Maria<\/td><td><\/td><td>1997<\/td><td>MAX KAROUBI<\/td><td><\/td><\/tr><tr><td>Menevis Herve<\/td><td>Invariants de Vassiliev dans les vari\u00e9t\u00e9s de dimension 3<\/td><td>1997<\/td><td>PIERRE VOGEL<\/td><td><\/td><\/tr><tr><td>Sulpice Philippe<\/td><td>Invariants de noeuds et filtration de Vassiliev<\/td><td>1997<\/td><td>PIERRE VOGEL<\/td><td><\/td><\/tr><tr><td>He Min<\/td><td>Espaces de modules de syst\u00e8mes coh\u00e9rents<\/td><td>1996<\/td><td>JOSEPH LE POTIER<\/td><td><\/td><\/tr><tr><td>Laghribi Ahmed<\/td><td>Isotropie des formes quadratiques de dimension inf\u00e9rieure ou \u00e9gale \u00e0 8 sur le corps des fonctions d'une quadrique<\/td><td>1996<\/td><td>BRUNO KAHN<\/td><td><\/td><\/tr><tr><td>Mercat Vincent<\/td><td><\/td><td>1996<\/td><td>JEAN-MARC DREZET<\/td><td><br><a href=\"http:\/\/www.imj-prg.fr\/theses\/\/pdf\/vincent_mercat.pdf\"><img decoding=\"async\" src=\"http:\/\/www.imj-prg.fr\/wp-content\/themes\/imjprg\/images\/pdf.png\"> <\/a><\/td><\/tr><tr><td>Ratiu Andrei<\/td><td>Invariants Jones-Witten des vari\u00e9t\u00e9s dimension 3<\/td><td>1996<\/td><td>PIERRE VOGEL<\/td><td><\/td><\/tr><tr><td>Zach Adam<\/td><td>Knots and their models<\/td><td>1996<\/td><td>PIERRE VOGEL<\/td><td><\/td><\/tr><tr><td>Chambert-Loir Antoine<\/td><td>Extensions vectorielles, periodes et hauteurs<\/td><td>1995<\/td><td>Daniel Bertrand<\/td><td><\/td><\/tr><\/table>\n","protected":false},"excerpt":{"rendered":"","protected":false},"author":1,"featured_media":0,"parent":0,"menu_order":0,"comment_status":"closed","ping_status":"closed","template":"","meta":{"footnotes":""},"class_list":["post-27","page","type-page","status-publish","hentry"],"_links":{"self":[{"href":"https:\/\/www.imj-prg.fr\/tga\/wp-json\/wp\/v2\/pages\/27","targetHints":{"allow":["GET"]}}],"collection":[{"href":"https:\/\/www.imj-prg.fr\/tga\/wp-json\/wp\/v2\/pages"}],"about":[{"href":"https:\/\/www.imj-prg.fr\/tga\/wp-json\/wp\/v2\/types\/page"}],"author":[{"embeddable":true,"href":"https:\/\/www.imj-prg.fr\/tga\/wp-json\/wp\/v2\/users\/1"}],"replies":[{"embeddable":true,"href":"https:\/\/www.imj-prg.fr\/tga\/wp-json\/wp\/v2\/comments?post=27"}],"version-history":[{"count":2,"href":"https:\/\/www.imj-prg.fr\/tga\/wp-json\/wp\/v2\/pages\/27\/revisions"}],"predecessor-version":[{"id":146,"href":"https:\/\/www.imj-prg.fr\/tga\/wp-json\/wp\/v2\/pages\/27\/revisions\/146"}],"wp:attachment":[{"href":"https:\/\/www.imj-prg.fr\/tga\/wp-json\/wp\/v2\/media?parent=27"}],"curies":[{"name":"wp","href":"https:\/\/api.w.org\/{rel}","templated":true}]}}